{"id":641,"date":"2025-12-05T14:33:53","date_gmt":"2025-12-05T14:33:53","guid":{"rendered":"http:\/\/blocs.xarxanet.org\/afabss\/?page_id=641"},"modified":"2025-12-10T15:56:23","modified_gmt":"2025-12-10T15:56:23","slug":"servei-dacollida","status":"publish","type":"page","link":"https:\/\/blocs.xarxanet.org\/afabss\/que-hi-podeu-trobar\/servei-dacollida\/","title":{"rendered":"Servei d&#8217;acollida"},"content":{"rendered":"<p>El Servei d\u2019Acollida ofereix un primer espai d\u2019acompanyament i suport per a les fam\u00edlies que afronten un diagn\u00f2stic d\u2019Alzheimer. Proporcionem informaci\u00f3, orientaci\u00f3 i resposta als dubtes i inquietuds inicials, tot facilitant l\u2019acc\u00e9s als recursos disponibles.<\/p>\n<ul data-start=\"231\" data-end=\"676\">\n<li data-start=\"231\" data-end=\"308\">\n<p data-start=\"233\" data-end=\"308\">Recepci\u00f3 i orientaci\u00f3 inicial a les fam\u00edlies, resolent dubtes i angoixes.<\/p>\n<\/li>\n<li data-start=\"309\" data-end=\"409\">\n<p data-start=\"311\" data-end=\"409\">Recolzament social: informaci\u00f3 i orientaci\u00f3 sobre la xarxa de serveis socials p\u00fablics i privats.<\/p>\n<\/li>\n<li data-start=\"410\" data-end=\"496\">\n<p data-start=\"412\" data-end=\"496\">Consultes jur\u00eddiques: suport en aspectes legals i defensa dels drets dels malalts.<\/p>\n<\/li>\n<li data-start=\"497\" data-end=\"593\">\n<p data-start=\"499\" data-end=\"593\">Ajudes t\u00e8cniques: assessorament sobre adaptaci\u00f3 de l\u2019entorn i pr\u00e9stec de material ortop\u00e8dic.<\/p>\n<\/li>\n<li data-start=\"594\" data-end=\"676\">\n<p data-start=\"596\" data-end=\"676\">Voluntariat: participaci\u00f3 en activitats de suport a la malaltia i a l\u2019entitat.<\/p>\n<\/li>\n<\/ul>\n<p>&nbsp;<\/p>\n<p data-start=\"596\" data-end=\"676\"><img loading=\"lazy\" decoding=\"async\" class=\"wp-image-988 aligncenter\" style=\"color: #333333;font-style: normal;font-weight: 300\" src=\"http:\/\/blocs.xarxanet.org\/afabss\/files\/2025\/12\/advice-icon-design-free-vector.jpg\" alt=\"\" width=\"187\" height=\"187\" srcset=\"https:\/\/blocs.xarxanet.org\/afabss\/files\/2025\/12\/advice-icon-design-free-vector.jpg 980w, https:\/\/blocs.xarxanet.org\/afabss\/files\/2025\/12\/advice-icon-design-free-vector-300x300.jpg 300w, https:\/\/blocs.xarxanet.org\/afabss\/files\/2025\/12\/advice-icon-design-free-vector-150x150.jpg 150w, https:\/\/blocs.xarxanet.org\/afabss\/files\/2025\/12\/advice-icon-design-free-vector-768x768.jpg 768w\" sizes=\"auto, (max-width: 187px) 100vw, 187px\" \/><\/p>\n","protected":false},"excerpt":{"rendered":"<p>El Servei d\u2019Acollida ofereix un primer espai d\u2019acompanyament i suport per a les fam\u00edlies que afronten un diagn\u00f2stic d\u2019Alzheimer. Proporcionem informaci\u00f3, orientaci\u00f3 i resposta als dubtes i inquietuds inicials, tot facilitant l\u2019acc\u00e9s als recursos disponibles. Recepci\u00f3 i orientaci\u00f3 inicial a les fam\u00edlies, resolent dubtes i angoixes. Recolzament social: informaci\u00f3 i orientaci\u00f3 sobre la xarxa de [&hellip;]<\/p>\n","protected":false},"author":160,"featured_media":0,"parent":14,"menu_order":0,"comment_status":"closed","ping_status":"closed","template":"","meta":{"footnotes":""},"class_list":["post-641","page","type-page","status-publish","hentry"],"_links":{"self":[{"href":"https:\/\/blocs.xarxanet.org\/afabss\/wp-json\/wp\/v2\/pages\/641","targetHints":{"allow":["GET"]}}],"collection":[{"href":"https:\/\/blocs.xarxanet.org\/afabss\/wp-json\/wp\/v2\/pages"}],"about":[{"href":"https:\/\/blocs.xarxanet.org\/afabss\/wp-json\/wp\/v2\/types\/page"}],"author":[{"embeddable":true,"href":"https:\/\/blocs.xarxanet.org\/afabss\/wp-json\/wp\/v2\/users\/160"}],"replies":[{"embeddable":true,"href":"https:\/\/blocs.xarxanet.org\/afabss\/wp-json\/wp\/v2\/comments?post=641"}],"version-history":[{"count":6,"href":"https:\/\/blocs.xarxanet.org\/afabss\/wp-json\/wp\/v2\/pages\/641\/revisions"}],"predecessor-version":[{"id":989,"href":"https:\/\/blocs.xarxanet.org\/afabss\/wp-json\/wp\/v2\/pages\/641\/revisions\/989"}],"up":[{"embeddable":true,"href":"https:\/\/blocs.xarxanet.org\/afabss\/wp-json\/wp\/v2\/pages\/14"}],"wp:attachment":[{"href":"https:\/\/blocs.xarxanet.org\/afabss\/wp-json\/wp\/v2\/media?parent=641"}],"curies":[{"name":"wp","href":"https:\/\/api.w.org\/{rel}","templated":true}]}}