{"id":634,"date":"2019-07-30T17:40:19","date_gmt":"2019-07-30T16:40:19","guid":{"rendered":"http:\/\/blocs.xarxanet.org\/afabss\/?page_id=634"},"modified":"2025-12-05T16:28:24","modified_gmt":"2025-12-05T16:28:24","slug":"grups-de-suport-emocional-i-terapeutics","status":"publish","type":"page","link":"https:\/\/blocs.xarxanet.org\/afabss\/que-hi-podeu-trobar\/grups-de-suport-emocional-i-terapeutics\/","title":{"rendered":"Grups de suport emocional i terap\u00e8utics"},"content":{"rendered":"<p data-start=\"217\" data-end=\"619\">Els Grups de Suport Emocional i Ajuda M\u00fatua tenen per objectiu crear <strong data-start=\"286\" data-end=\"341\">espais de trobada segurs i guiats per professionals<\/strong>, on les persones cuidadores que viuen situacions semblants puguin <strong data-start=\"408\" data-end=\"483\">expressar emocions, compartir preocupacions i intercanviar experi\u00e8ncies<\/strong>. Aquests espais ofereixen un clima de comprensi\u00f3, respecte i confian\u00e7a, afavorint la sensaci\u00f3 de <strong data-start=\"581\" data-end=\"597\">no estar sol<\/strong> en el proc\u00e9s de cura.<\/p>\n<p data-start=\"621\" data-end=\"1020\">La cura d\u2019un familiar amb depend\u00e8ncia, especialment en el context de l\u2019Alzheimer, pot comportar una <strong data-start=\"721\" data-end=\"764\">c\u00e0rrega emocional i f\u00edsica considerable<\/strong>. Sovint, fins i tot amb el suport de familiars i amics, aquest esfor\u00e7 resulta insuficient. En aquest sentit, reunir-se amb altres persones que transiten per la mateixa realitat es converteix en una ajuda addicional que <strong data-start=\"984\" data-end=\"1019\">enforteix i sost\u00e9 emocionalment<\/strong>.<\/p>\n<p data-start=\"1022\" data-end=\"1438\">Els grups s\u00f3n condu\u00efts per un professional que facilita la gesti\u00f3 dels recursos afectius i dels coneixements necessaris perqu\u00e8 els cuidadors puguin <strong data-start=\"1170\" data-end=\"1202\">afrontar els canvis i reptes<\/strong> que apareixen en l\u2019evoluci\u00f3 de la malaltia. A m\u00e9s, es promouen <strong data-start=\"1266\" data-end=\"1292\">nous vincles i lligams<\/strong> entre les persones participants, refor\u00e7ant la seva capacitat de <strong data-start=\"1357\" data-end=\"1372\">resili\u00e8ncia<\/strong> i reduint l\u2019impacte emocional derivat de la cura a llarg termini.<\/p>\n<p data-start=\"1440\" data-end=\"1688\">A trav\u00e9s de l\u2019intercanvi i el suport mutu, el grup es converteix en un espai d\u2019<strong data-start=\"1519\" data-end=\"1546\">aprenentatge col\u00b7lectiu<\/strong>, on s\u2019adquireixen noves estrat\u00e8gies per gestionar el dia a dia i millorar tant el benestar del cuidador com el de la persona que rep la cura.<\/p>\n<p data-start=\"1690\" data-end=\"1764\">En definitiva, en aquests grups s\u2019apr\u00e8n a <strong data-start=\"1732\" data-end=\"1763\">\u201ccuidar sense descuidar-se\u201d<\/strong>.<\/p>\n<p>&nbsp;<\/p>\n<p><img loading=\"lazy\" decoding=\"async\" class=\"alignnone size-full wp-image-635\" src=\"http:\/\/blocs.xarxanet.org\/afabss\/files\/2019\/07\/Foto-GAM.jpg\" alt=\"\" width=\"2896\" height=\"1944\" srcset=\"https:\/\/blocs.xarxanet.org\/afabss\/files\/2019\/07\/Foto-GAM.jpg 2896w, https:\/\/blocs.xarxanet.org\/afabss\/files\/2019\/07\/Foto-GAM-300x201.jpg 300w, https:\/\/blocs.xarxanet.org\/afabss\/files\/2019\/07\/Foto-GAM-768x516.jpg 768w, https:\/\/blocs.xarxanet.org\/afabss\/files\/2019\/07\/Foto-GAM-1024x687.jpg 1024w, https:\/\/blocs.xarxanet.org\/afabss\/files\/2019\/07\/Foto-GAM-800x537.jpg 800w\" sizes=\"auto, (max-width: 2896px) 100vw, 2896px\" \/><\/p>\n<p>&nbsp;<\/p>\n<p>&nbsp;<\/p>\n","protected":false},"excerpt":{"rendered":"<p>Els Grups de Suport Emocional i Ajuda M\u00fatua tenen per objectiu crear espais de trobada segurs i guiats per professionals, on les persones cuidadores que viuen situacions semblants puguin expressar emocions, compartir preocupacions i intercanviar experi\u00e8ncies. Aquests espais ofereixen un clima de comprensi\u00f3, respecte i confian\u00e7a, afavorint la sensaci\u00f3 de no estar sol en el [&hellip;]<\/p>\n","protected":false},"author":160,"featured_media":0,"parent":14,"menu_order":0,"comment_status":"closed","ping_status":"closed","template":"","meta":{"footnotes":""},"class_list":["post-634","page","type-page","status-publish","hentry"],"_links":{"self":[{"href":"https:\/\/blocs.xarxanet.org\/afabss\/wp-json\/wp\/v2\/pages\/634","targetHints":{"allow":["GET"]}}],"collection":[{"href":"https:\/\/blocs.xarxanet.org\/afabss\/wp-json\/wp\/v2\/pages"}],"about":[{"href":"https:\/\/blocs.xarxanet.org\/afabss\/wp-json\/wp\/v2\/types\/page"}],"author":[{"embeddable":true,"href":"https:\/\/blocs.xarxanet.org\/afabss\/wp-json\/wp\/v2\/users\/160"}],"replies":[{"embeddable":true,"href":"https:\/\/blocs.xarxanet.org\/afabss\/wp-json\/wp\/v2\/comments?post=634"}],"version-history":[{"count":5,"href":"https:\/\/blocs.xarxanet.org\/afabss\/wp-json\/wp\/v2\/pages\/634\/revisions"}],"predecessor-version":[{"id":974,"href":"https:\/\/blocs.xarxanet.org\/afabss\/wp-json\/wp\/v2\/pages\/634\/revisions\/974"}],"up":[{"embeddable":true,"href":"https:\/\/blocs.xarxanet.org\/afabss\/wp-json\/wp\/v2\/pages\/14"}],"wp:attachment":[{"href":"https:\/\/blocs.xarxanet.org\/afabss\/wp-json\/wp\/v2\/media?parent=634"}],"curies":[{"name":"wp","href":"https:\/\/api.w.org\/{rel}","templated":true}]}}