{"id":628,"date":"2019-07-30T17:35:48","date_gmt":"2019-07-30T16:35:48","guid":{"rendered":"http:\/\/blocs.xarxanet.org\/afabss\/?page_id=628"},"modified":"2025-12-10T15:53:40","modified_gmt":"2025-12-10T15:53:40","slug":"assessorament-psicologic","status":"publish","type":"page","link":"https:\/\/blocs.xarxanet.org\/afabss\/que-hi-podeu-trobar\/assessorament-psicologic\/","title":{"rendered":"Assessorament psicol\u00f2gic"},"content":{"rendered":"<p>El servei d\u2019assessorament psicol\u00f2gic ofereix recursos i eines per poder fer front a la malaltia, des del moment del diagn\u00f2stic i durant les diferents fases. Els objectius principals del nostre dervei d\u2019atenci\u00f3 psicol\u00f2gica s\u00f3n:<\/p>\n<ul>\n<li data-start=\"206\" data-end=\"370\">\n<p data-start=\"208\" data-end=\"370\"><strong data-start=\"208\" data-end=\"256\">Atenci\u00f3 personalitzada al cuidador<\/strong>, ajustant el suport a les necessitats espec\u00edfiques de cada fam\u00edlia i al grau d\u2019afectaci\u00f3 de la persona malalta.<\/p>\n<\/li>\n<li data-start=\"371\" data-end=\"577\">\n<p data-start=\"373\" data-end=\"577\"><strong data-start=\"373\" data-end=\"433\">Acompanyament al llarg de totes les fases de la malaltia<\/strong>, ajudant a comprendre els canvis cognitius, emocionals i conductuals, i oferint informaci\u00f3 objectiva i clara sobre la seva possible evoluci\u00f3.<\/p>\n<\/li>\n<li data-start=\"578\" data-end=\"733\">\n<p data-start=\"580\" data-end=\"733\"><strong data-start=\"580\" data-end=\"647\">Eines pr\u00e0ctiques per gestionar situacions quotidianes complexes<\/strong>, com l\u2019agitaci\u00f3, la p\u00e8rdua de mem\u00f2ria, la confusi\u00f3 o altres canvis de comportament.<\/p>\n<\/li>\n<li data-start=\"734\" data-end=\"889\">\n<p data-start=\"736\" data-end=\"889\"><strong data-start=\"736\" data-end=\"785\">Planificaci\u00f3 i previsi\u00f3 de situacions futures<\/strong>, per facilitar l\u2019organitzaci\u00f3 familiar i anticipar-se a canvis que puguin requerir noves adaptacions.<\/p>\n<\/li>\n<li data-start=\"890\" data-end=\"1054\">\n<p data-start=\"892\" data-end=\"1054\"><strong data-start=\"892\" data-end=\"947\">Prevenci\u00f3 de la sobrec\u00e0rrega del cuidador (burnout)<\/strong>, promovent estrat\u00e8gies d\u2019autocura i un equilibri saludable entre la vida personal i les tasques de cura.<\/p>\n<\/li>\n<li data-start=\"1055\" data-end=\"1216\">\n<p data-start=\"1057\" data-end=\"1216\"><strong data-start=\"1057\" data-end=\"1110\">Evitar situacions de risc de claudicaci\u00f3 familiar<\/strong>, proporcionant suport emocional i orientaci\u00f3 continuada per mantenir la estabilitat del nucli familiar.<\/p>\n<\/li>\n<li data-start=\"1217\" data-end=\"1397\">\n<p data-start=\"1219\" data-end=\"1397\"><strong data-start=\"1219\" data-end=\"1260\">Atenci\u00f3 preco\u00e7 despr\u00e9s del diagn\u00f2stic<\/strong>, amb un seguiment individualitzat que t\u00e9 en compte l\u2019estadi de la malaltia, les din\u00e0miques familiars i les necessitats de cada cuidador.<\/p>\n<\/li>\n<\/ul>\n<p><img loading=\"lazy\" decoding=\"async\" class=\"wp-image-971 aligncenter\" style=\"color: #333333;font-style: normal;font-weight: 300\" src=\"http:\/\/blocs.xarxanet.org\/afabss\/files\/2025\/12\/head-1965666_1280.jpg\" alt=\"\" width=\"214\" height=\"214\" srcset=\"https:\/\/blocs.xarxanet.org\/afabss\/files\/2025\/12\/head-1965666_1280.jpg 1280w, https:\/\/blocs.xarxanet.org\/afabss\/files\/2025\/12\/head-1965666_1280-300x300.jpg 300w, https:\/\/blocs.xarxanet.org\/afabss\/files\/2025\/12\/head-1965666_1280-1024x1024.jpg 1024w, https:\/\/blocs.xarxanet.org\/afabss\/files\/2025\/12\/head-1965666_1280-150x150.jpg 150w, https:\/\/blocs.xarxanet.org\/afabss\/files\/2025\/12\/head-1965666_1280-768x768.jpg 768w\" sizes=\"auto, (max-width: 214px) 100vw, 214px\" \/><\/p>\n","protected":false},"excerpt":{"rendered":"<p>El servei d\u2019assessorament psicol\u00f2gic ofereix recursos i eines per poder fer front a la malaltia, des del moment del diagn\u00f2stic i durant les diferents fases. Els objectius principals del nostre dervei d\u2019atenci\u00f3 psicol\u00f2gica s\u00f3n: Atenci\u00f3 personalitzada al cuidador, ajustant el suport a les necessitats espec\u00edfiques de cada fam\u00edlia i al grau d\u2019afectaci\u00f3 de la persona [&hellip;]<\/p>\n","protected":false},"author":160,"featured_media":0,"parent":14,"menu_order":0,"comment_status":"closed","ping_status":"closed","template":"","meta":{"footnotes":""},"class_list":["post-628","page","type-page","status-publish","hentry"],"_links":{"self":[{"href":"https:\/\/blocs.xarxanet.org\/afabss\/wp-json\/wp\/v2\/pages\/628","targetHints":{"allow":["GET"]}}],"collection":[{"href":"https:\/\/blocs.xarxanet.org\/afabss\/wp-json\/wp\/v2\/pages"}],"about":[{"href":"https:\/\/blocs.xarxanet.org\/afabss\/wp-json\/wp\/v2\/types\/page"}],"author":[{"embeddable":true,"href":"https:\/\/blocs.xarxanet.org\/afabss\/wp-json\/wp\/v2\/users\/160"}],"replies":[{"embeddable":true,"href":"https:\/\/blocs.xarxanet.org\/afabss\/wp-json\/wp\/v2\/comments?post=628"}],"version-history":[{"count":7,"href":"https:\/\/blocs.xarxanet.org\/afabss\/wp-json\/wp\/v2\/pages\/628\/revisions"}],"predecessor-version":[{"id":986,"href":"https:\/\/blocs.xarxanet.org\/afabss\/wp-json\/wp\/v2\/pages\/628\/revisions\/986"}],"up":[{"embeddable":true,"href":"https:\/\/blocs.xarxanet.org\/afabss\/wp-json\/wp\/v2\/pages\/14"}],"wp:attachment":[{"href":"https:\/\/blocs.xarxanet.org\/afabss\/wp-json\/wp\/v2\/media?parent=628"}],"curies":[{"name":"wp","href":"https:\/\/api.w.org\/{rel}","templated":true}]}}