{"id":14,"date":"2011-05-19T14:23:12","date_gmt":"2011-05-19T13:23:12","guid":{"rendered":"http:\/\/blocs.xarxanet.org\/afabss\/?page_id=14"},"modified":"2025-12-04T21:05:05","modified_gmt":"2025-12-04T21:05:05","slug":"que-hi-podeu-trobar","status":"publish","type":"page","link":"https:\/\/blocs.xarxanet.org\/afabss\/que-hi-podeu-trobar\/","title":{"rendered":"Qu\u00e8 fem?"},"content":{"rendered":"<h3 data-start=\"203\" data-end=\"230\"><strong data-start=\"206\" data-end=\"230\">Servei d\u2019acollida<\/strong><\/h3>\n<ul data-start=\"231\" data-end=\"676\">\n<li data-start=\"231\" data-end=\"308\">\n<p data-start=\"233\" data-end=\"308\">Recepci\u00f3 i orientaci\u00f3 inicial a les fam\u00edlies, resolent dubtes i angoixes.<\/p>\n<\/li>\n<li data-start=\"309\" data-end=\"409\">\n<p data-start=\"311\" data-end=\"409\">Recolzament social: informaci\u00f3 i orientaci\u00f3 sobre la xarxa de serveis socials p\u00fablics i privats.<\/p>\n<\/li>\n<li data-start=\"410\" data-end=\"496\">\n<p data-start=\"412\" data-end=\"496\">Consultes jur\u00eddiques: suport en aspectes legals i defensa dels drets dels malalts.<\/p>\n<\/li>\n<li data-start=\"497\" data-end=\"593\">\n<p data-start=\"499\" data-end=\"593\">Ajudes t\u00e8cniques: assessorament sobre adaptaci\u00f3 de l\u2019entorn i pr\u00e9stec de material ortop\u00e8dic.<\/p>\n<\/li>\n<li data-start=\"594\" data-end=\"676\">\n<p data-start=\"596\" data-end=\"676\">Voluntariat: participaci\u00f3 en activitats de suport a la malaltia i a l\u2019entitat.<\/p>\n<\/li>\n<\/ul>\n<hr data-start=\"678\" data-end=\"681\" \/>\n<h3 data-start=\"683\" data-end=\"713\"><\/h3>\n<h3 data-start=\"683\" data-end=\"713\"><strong data-start=\"686\" data-end=\"713\">Servei de psicologia<\/strong><\/h3>\n<p data-start=\"141\" data-end=\"385\">El servei de psicologia ofereix un espai d\u2019acompanyament emocional i t\u00e8cnic tant per als cuidadors com per als familiars, amb l\u2019objectiu de reduir l\u2019estr\u00e8s, donar eines per afrontar la malaltia i\u00a0afavorir el benestar de tot l\u2019entorn del malalt.<\/p>\n<h5 data-start=\"387\" data-end=\"437\"><span style=\"color: #808080\"><strong data-start=\"391\" data-end=\"437\">Orientaci\u00f3 psicol\u00f2gica individualitzada:<\/strong><\/span><\/h5>\n<ul data-start=\"438\" data-end=\"934\">\n<li data-start=\"438\" data-end=\"526\">\n<p data-start=\"440\" data-end=\"526\">Atenci\u00f3 personalitzada al cuidador principal.<\/p>\n<\/li>\n<li data-start=\"527\" data-end=\"663\">\n<p data-start=\"529\" data-end=\"663\">Acompanyament en les diferents fases de la malaltia, ajudant a comprendre els canvis cognitius, emocionals i conductuals del malalt.<\/p>\n<\/li>\n<li data-start=\"664\" data-end=\"797\">\n<p data-start=\"666\" data-end=\"797\">Eines pr\u00e0ctiques per gestionar situacions dif\u00edcils del dia a dia: agitaci\u00f3, p\u00e8rdua de mem\u00f2ria, confusi\u00f3 o canvis de comportament.<\/p>\n<\/li>\n<li data-start=\"798\" data-end=\"934\">\n<p data-start=\"800\" data-end=\"934\">Prevenci\u00f3 de la sobrec\u00e0rrega del cuidador (burnout), promovent l\u2019autocura i l\u2019equilibri entre la vida personal i la cura del malalt.<\/p>\n<\/li>\n<\/ul>\n<h5 data-start=\"936\" data-end=\"966\"><span style=\"color: #808080\"><strong data-start=\"940\" data-end=\"966\">Grups d\u2019ajuda m\u00fatua:<\/strong><\/span><\/h5>\n<ul data-start=\"967\" data-end=\"1418\">\n<li data-start=\"967\" data-end=\"1093\">\n<p data-start=\"969\" data-end=\"1093\">Espais de trobada guiats per professionals, on els familiars poden expressar emocions i preocupacions en un ambient segur.<\/p>\n<\/li>\n<li data-start=\"1094\" data-end=\"1213\">\n<p data-start=\"1096\" data-end=\"1213\">Intercanvi d\u2019experi\u00e8ncies amb altres persones que viuen situacions similars, afavorint la sensaci\u00f3 de no estar sol.<\/p>\n<\/li>\n<li data-start=\"1214\" data-end=\"1305\">\n<p data-start=\"1216\" data-end=\"1305\">Aprenentatge col\u00b7lectiu de noves estrat\u00e8gies per gestionar el dia a dia de la malaltia.<\/p>\n<\/li>\n<li data-start=\"1306\" data-end=\"1418\">\n<p data-start=\"1308\" data-end=\"1418\">Enfortiment de la resili\u00e8ncia familiar i reducci\u00f3 de l\u2019impacte emocional derivat de la cura a llarg termini.<\/p>\n<\/li>\n<\/ul>\n<hr data-start=\"954\" data-end=\"957\" \/>\n<h3 data-start=\"959\" data-end=\"1000\"><\/h3>\n<h3 data-start=\"959\" data-end=\"1000\"><strong data-start=\"962\" data-end=\"1000\">Tallers i estimulaci\u00f3 cognitiva<\/strong><\/h3>\n<p>Els tallers d\u2019estimulaci\u00f3 cognitiva estan dissenyats per oferir activitats estructurades a persones afectades d\u2019Alzheimer o altres dem\u00e8ncies en fases inicials. L\u2019objectiu \u00e9s mantenir el m\u00e0xim nivell d\u2019autonomia, potenciar les capacitats preservades i afavorir una millor qualitat de vida mitjan\u00e7ant exercicis significatius i la socialitzaci\u00f3.<\/p>\n<h5 data-start=\"528\" data-end=\"580\"><span style=\"color: #808080\"><strong data-start=\"532\" data-end=\"580\">Tallers estimulatius per a fases inicials:<\/strong><\/span><\/h5>\n<ul data-start=\"581\" data-end=\"985\">\n<li data-start=\"581\" data-end=\"712\">\n<p data-start=\"583\" data-end=\"712\">Sessions adaptades al ritme i necessitats de cada persona, enfocades a refor\u00e7ar les funcions cognitives que encara es mantenen.<\/p>\n<\/li>\n<li data-start=\"713\" data-end=\"864\">\n<p data-start=\"715\" data-end=\"864\">Activitats que busquen preservar l\u2019autonomia en tasques quotidianes, com la gesti\u00f3 d\u2019objectes, la planificaci\u00f3 simple o la mem\u00f2ria de procediments.<\/p>\n<\/li>\n<li data-start=\"865\" data-end=\"985\">\n<p data-start=\"867\" data-end=\"985\">Treball en grups redu\u00efts per afavorir la participaci\u00f3, la motivaci\u00f3 i el sentit de comunitat entre els participants.<\/p>\n<\/li>\n<\/ul>\n<h5 data-start=\"987\" data-end=\"1019\"><span style=\"color: #808080\"><strong data-start=\"991\" data-end=\"1019\">Estimulaci\u00f3 cognitiva:<\/strong><\/span><\/h5>\n<ul data-start=\"1020\" data-end=\"1419\">\n<li data-start=\"1020\" data-end=\"1110\">\n<p data-start=\"1022\" data-end=\"1110\">Exercicis de mem\u00f2ria (recordar rutines, fets recents, recon\u00e8ixer persones o objectes).<\/p>\n<\/li>\n<li data-start=\"1111\" data-end=\"1204\">\n<p data-start=\"1113\" data-end=\"1204\">Activitats de llenguatge (converses guiades, descripci\u00f3 d\u2019imatges, vocabulari funcional).<\/p>\n<\/li>\n<li data-start=\"1205\" data-end=\"1299\">\n<p data-start=\"1207\" data-end=\"1299\">Tasques d\u2019atenci\u00f3 i concentraci\u00f3 (jocs de classificaci\u00f3, reconeixement de formes, s\u00e8ries).<\/p>\n<\/li>\n<li data-start=\"1300\" data-end=\"1419\">\n<p data-start=\"1302\" data-end=\"1419\">Exercicis de funcions executives adaptats: organitzar, ordenar, completar seq\u00fc\u00e8ncies o prendre decisions senzilles.<\/p>\n<\/li>\n<\/ul>\n<h5 data-start=\"1851\" data-end=\"1892\"><span style=\"color: #808080\"><strong data-start=\"1855\" data-end=\"1892\">Estimulaci\u00f3 emocional i social:<\/strong><\/span><\/h5>\n<ul data-start=\"1893\" data-end=\"2157\">\n<li data-start=\"1893\" data-end=\"1971\">\n<p data-start=\"1895\" data-end=\"1971\">Din\u00e0miques per afavorir la interacci\u00f3, el vincle i la participaci\u00f3 activa.<\/p>\n<\/li>\n<li data-start=\"1972\" data-end=\"2071\">\n<p data-start=\"1974\" data-end=\"2071\">Activitats expressives: m\u00fasica, reminisc\u00e8ncia, reconeixement d\u2019emocions o converses tem\u00e0tiques.<\/p>\n<\/li>\n<li data-start=\"2072\" data-end=\"2157\">\n<p data-start=\"2074\" data-end=\"2157\">Un entorn segur i acollidor que dona suport a l\u2019autoestima i redueix l\u2019a\u00efllament.<\/p>\n<\/li>\n<\/ul>\n","protected":false},"excerpt":{"rendered":"<p>Servei d\u2019acollida Recepci\u00f3 i orientaci\u00f3 inicial a les fam\u00edlies, resolent dubtes i angoixes. Recolzament social: informaci\u00f3 i orientaci\u00f3 sobre la xarxa de serveis socials p\u00fablics i privats. Consultes jur\u00eddiques: suport en aspectes legals i defensa dels drets dels malalts. Ajudes t\u00e8cniques: assessorament sobre adaptaci\u00f3 de l\u2019entorn i pr\u00e9stec de material ortop\u00e8dic. Voluntariat: participaci\u00f3 en activitats [&hellip;]<\/p>\n","protected":false},"author":160,"featured_media":0,"parent":0,"menu_order":1,"comment_status":"closed","ping_status":"closed","template":"","meta":{"footnotes":""},"class_list":["post-14","page","type-page","status-publish","hentry"],"_links":{"self":[{"href":"https:\/\/blocs.xarxanet.org\/afabss\/wp-json\/wp\/v2\/pages\/14","targetHints":{"allow":["GET"]}}],"collection":[{"href":"https:\/\/blocs.xarxanet.org\/afabss\/wp-json\/wp\/v2\/pages"}],"about":[{"href":"https:\/\/blocs.xarxanet.org\/afabss\/wp-json\/wp\/v2\/types\/page"}],"author":[{"embeddable":true,"href":"https:\/\/blocs.xarxanet.org\/afabss\/wp-json\/wp\/v2\/users\/160"}],"replies":[{"embeddable":true,"href":"https:\/\/blocs.xarxanet.org\/afabss\/wp-json\/wp\/v2\/comments?post=14"}],"version-history":[{"count":30,"href":"https:\/\/blocs.xarxanet.org\/afabss\/wp-json\/wp\/v2\/pages\/14\/revisions"}],"predecessor-version":[{"id":951,"href":"https:\/\/blocs.xarxanet.org\/afabss\/wp-json\/wp\/v2\/pages\/14\/revisions\/951"}],"wp:attachment":[{"href":"https:\/\/blocs.xarxanet.org\/afabss\/wp-json\/wp\/v2\/media?parent=14"}],"curies":[{"name":"wp","href":"https:\/\/api.w.org\/{rel}","templated":true}]}}