{"id":3947,"date":"2021-03-11T17:32:32","date_gmt":"2021-03-11T16:32:32","guid":{"rendered":"http:\/\/blocs.xarxanet.org\/aealtipla\/?page_id=3947"},"modified":"2021-03-11T18:26:06","modified_gmt":"2021-03-11T17:26:06","slug":"hivern-2013","status":"publish","type":"page","link":"https:\/\/blocs.xarxanet.org\/aealtipla\/excursions\/2013-2\/hivern-2013\/","title":{"rendered":"Hivern 2013"},"content":{"rendered":"<p><span style=\"color: #000000;font-family: Times New Roman;font-size: small\">\u00a0<\/span><\/p>\n<p><strong><span style=\"color: #000000\">MATINAL PARC NATURAL DE ST. LLOREN\u00c7 I L&#8217;OBAC.\u00a0<\/span><\/strong><span style=\"color: #000000\"><strong>ZONA SERRA DE L&#8217;OBAC.<\/strong><br \/>\n<\/span><span style=\"color: #000000\"> Dia: 8 de desembre de 2013.<br \/>\n<\/span><span style=\"color: #000000\"> Hora de trobada: 9 del mat\u00ed a can Quit\u00e8ria amb vehicles propis.<br \/>\n<\/span><span style=\"color: #000000\"> Dificultat: baixa, excepte dos ressalts de grimpada.<br \/>\n<\/span><span style=\"color: #000000\"> Desnivell: 200 m.<br \/>\n<\/span><span style=\"color: #000000\"> Duraci\u00f3: 3 hores reals.<\/span><\/p>\n<p><a href=\"http:\/\/blocs.xarxanet.org\/aealtipla\/files\/2013\/11\/HPIM2500.jpg\"><img loading=\"lazy\" decoding=\"async\" class=\"alignright size-medium wp-image-827\" src=\"http:\/\/blocs.xarxanet.org\/aealtipla\/files\/2013\/11\/HPIM2500-300x225.jpg\" alt=\"HPIM2500\" width=\"300\" height=\"225\" srcset=\"https:\/\/blocs.xarxanet.org\/aealtipla\/files\/2013\/11\/HPIM2500-300x225.jpg 300w, https:\/\/blocs.xarxanet.org\/aealtipla\/files\/2013\/11\/HPIM2500-1024x770.jpg 1024w\" sizes=\"auto, (max-width: 300px) 85vw, 300px\" \/><\/a>Pocs inscrits per\u00f2 for\u00e7a presentats finalment, en la col\u00b7locaci\u00f3 del pessebre d&#8217;enguany. Sol i no gaire fred. Sortida matinal amb ruta circular carenera de nivell f\u00e0cil, amb dos passos de grimpada un d&#8217;ells a sota del b\u00fanker de l&#8217;Aza\u00f1a i l&#8217;altre d&#8217;acc\u00e9s a la mateixa Punta dels Caus Cremats (812m)<\/p>\n<p><a href=\"http:\/\/blocs.xarxanet.org\/aealtipla\/files\/2013\/11\/HPIM2493.jpg\"><img loading=\"lazy\" decoding=\"async\" class=\"alignright size-medium wp-image-828\" src=\"http:\/\/blocs.xarxanet.org\/aealtipla\/files\/2013\/11\/HPIM2493-225x300.jpg\" alt=\"HPIM2493\" width=\"225\" height=\"300\" srcset=\"https:\/\/blocs.xarxanet.org\/aealtipla\/files\/2013\/11\/HPIM2493-225x300.jpg 225w, https:\/\/blocs.xarxanet.org\/aealtipla\/files\/2013\/11\/HPIM2493-770x1024.jpg 770w\" sizes=\"auto, (max-width: 225px) 85vw, 225px\" \/><\/a>Col\u00b7locaci\u00f3 de les figures del pessebre ja muntat i nadala coral (Fum, fum, fum). Bones vistes de Sant Lloren\u00e7 del Munt, el Puigmal, la Tossa d&#8217;Alp i el Cad\u00ed.<\/p>\n<p><a href=\"http:\/\/blocs.xarxanet.org\/aealtipla\/files\/2013\/11\/HPIM2477.jpg\"><img loading=\"lazy\" decoding=\"async\" class=\"alignright size-medium wp-image-829\" src=\"http:\/\/blocs.xarxanet.org\/aealtipla\/files\/2013\/11\/HPIM2477-300x225.jpg\" alt=\"HPIM2477\" width=\"300\" height=\"225\" srcset=\"https:\/\/blocs.xarxanet.org\/aealtipla\/files\/2013\/11\/HPIM2477-300x225.jpg 300w, https:\/\/blocs.xarxanet.org\/aealtipla\/files\/2013\/11\/HPIM2477-1024x770.jpg 1024w\" sizes=\"auto, (max-width: 300px) 85vw, 300px\" \/><\/a>Cerveseta final al bar de l&#8217;\u00e0rea d&#8217;esbarjo, on vam con\u00e8ixer i desitjar bones festes a l&#8217;Eduardo, el carism\u00e0tic vigilant del Parc, amic d&#8217;en Barber\u00e0 i membre fundador del Centre Muntanyenc Sant Lloren\u00e7 (Terrassa)<\/p>\n<p><span style=\"color: #000000\"><br \/>\n<\/span><span style=\"color: #000000\"><br \/>\n<\/span><span style=\"color: #000000\"> Itinerari: Comen\u00e7arem a caminar en el PK de l&#8217;\u00c0rea d&#8217;esbarjo del Torrent de l&#8217;Escaiola, carretera de Terrassa a Talamanca (Km 7,600 aprox.). Seguirem cap el Nord i per un terreny embrossat arribarem a la carena on hi ha una curiosa construcci\u00f3 anomenada el &#8220;bunker de l&#8217;Aza\u00f1a&#8221;, que segons sembla, va sevir d&#8217;amagatall al president republic\u00e0 en la fugida cap al Nord. Carenejant i despr\u00e9s de superar un gra\u00f3 roc\u00f3s, arribarem a la Roca del Corb, excel\u00b7lent mirador de la vall de les Arenes i Sant Lloren\u00e7 del Munt. Qui vulgui allargar la sortida podr\u00e0 arribar-se al Tur\u00f3 de la Carlina (933 m.). Tornant de baixada passarem pel Puig Codina, i m\u00e9s endavant per la Punta dels Caus Cremats (812 m), on posarem el Pessebre despr\u00e9s d&#8217;una f\u00e0cil grimpada. Per camins evidents i fressats arribarem a l&#8217;Aparcament de l&#8217;\u00c0rea d&#8217;esbarjo on hi ha begudes.<\/span><\/p>\n<hr \/>\n<p><span style=\"color: #000000\"><br \/>\n<\/span><span style=\"color: #000000\"><strong>Sortida social de muntanya, de tot el dia. Sant Vicen\u00e7 de Torell\u00f3 &#8211; \u00a0Ermita de Sant Roc<\/strong><br \/>\n<\/span><span style=\"color: #000000\">\u00a0<\/span><\/p>\n<div><strong><span style=\"font-size: small\"><span style=\"color: #000000\">Dissabte 12 d\u2019octubre de 2013 <\/span><\/span><\/strong><\/div>\n<div><\/div>\n<div><strong><span style=\"color: #000000;font-size: small\">Hora i lloc de trobada:<\/span><\/strong><span style=\"font-size: small\"><span style=\"color: #000000\"> 7:30 del mat\u00ed, a la pla\u00e7a de Can Quit\u00e8ria, amb cotxes propis.<\/span><\/span><\/div>\n<div><\/div>\n<div><strong><em><span style=\"font-size: small\"><span style=\"color: #000000\">OPCI\u00d3 LLARGA<\/span><\/span><\/em><\/strong><\/div>\n<div><\/div>\n<div><strong><span style=\"color: #000000;font-size: small\">Durada: <\/span><\/strong><span style=\"font-size: small\"><span style=\"color: #000000\">7\/8 hores <\/span><\/span><\/div>\n<div><\/div>\n<div><strong><span style=\"color: #000000;font-size: small\">Dist\u00e0ncia: <\/span><\/strong><span style=\"font-size: small\"><span style=\"color: #000000\">19 Km. (Possibilitat d\u2019escur\u00e7ar 4 Km qui acabi a Sant Pere de Torell\u00f3))<\/span><\/span><\/div>\n<div><\/div>\n<div><strong><span style=\"color: #000000;font-size: small\">Desnivell: <\/span><\/strong><span style=\"color: #000000;font-size: small\">825 m. acumulats<\/span><\/div>\n<div><\/div>\n<div><strong><span style=\"color: #000000;font-size: small\">Cota m\u00e0xima: <\/span><\/strong><span style=\"font-size: small\"><span style=\"color: #000000\">1247 m. (Bellmunt)<\/span><\/span><\/div>\n<div><\/div>\n<div><strong><span style=\"color: #000000;font-size: small\">Dificultat: <\/span><\/strong><span style=\"font-size: small\"><span style=\"color: #000000\">Mitjana alta (a tenir en compte el desnivell)<\/span><\/span><\/div>\n<div><\/div>\n<div>\n<div><strong><span style=\"font-size: small\"><span style=\"color: #000000\">Itinerari:<\/span><\/span><\/strong><\/div>\n<div><\/div>\n<div><span style=\"font-size: small\"><span style=\"color: #000000\">Sant Vicen\u00e7 de Torell\u00f3 (549 m, Km 0), Castell de Torell\u00f3 (786 m, Km 2.8), Bellmunt (1247 m, Km 10.7), El Serrat (740 m, Km 13.3), Ermita de Sant Roc (737 m, Km 13.8), Sant Pere de Torell\u00f3 (619 m, Km 15.5), Sant Vicen\u00e7 de Torell\u00f3.<\/span><\/span><\/div>\n<\/div>\n<div><strong><span style=\"font-size: small\"><span style=\"color: #000000\"><a href=\"http:\/\/blocs.xarxanet.org\/aealtipla\/files\/2013\/10\/20-Bellmunt.jpg\"><img loading=\"lazy\" decoding=\"async\" class=\"alignright size-large wp-image-623\" src=\"http:\/\/blocs.xarxanet.org\/aealtipla\/files\/2013\/10\/20-Bellmunt-1024x770.jpg\" alt=\"\" width=\"495\" height=\"372\" srcset=\"https:\/\/blocs.xarxanet.org\/aealtipla\/files\/2013\/10\/20-Bellmunt-1024x770.jpg 1024w, https:\/\/blocs.xarxanet.org\/aealtipla\/files\/2013\/10\/20-Bellmunt-300x225.jpg 300w\" sizes=\"auto, (max-width: 495px) 85vw, 495px\" \/><\/a><\/span><\/span><\/strong><\/div>\n<p><strong><span style=\"color: #000000;font-size: small\">Descripci\u00f3:\u00a0<\/span><\/strong><span style=\"font-size: small\"><span style=\"color: #000000\">Sortirem de Sant Vicen\u00e7 de Torell\u00f3 amb la vista cap al Castell de Torell\u00f3 (de l\u2019antic castell del S VII nom\u00e9s queda una torre cil\u00edndrica del S XII ) des de la qual tindrem les primeres vistes de la plana de Vic. Continuarem per un cam\u00ed carener, passant pel costat del Tur\u00f3 dels Tres Batlles, fins a baixar a Les Valls.<\/span><\/span><\/p>\n<div><span style=\"color: #000000;font-size: small\">A partir d\u2019aqu\u00ed comen\u00e7arem, per un cam\u00ed medieval empedrat, en continua pujada fins assolir la carena de la Serra de Bellmunt. Nom\u00e9s ens cal seguir la carena, tot contemplant la magn\u00edfica panor\u00e0mica de la Plana de Vic al S o Vidr\u00e0 i la serra de Milany al N, fins arribar al Santuari de Bellmunt. Aqu\u00ed recuperarem forces mentre contemplem, si el dia \u00e9s clar, Puigsacalm, Cabrera, Aiats, Montseny, Montserrat\u2026<\/span><\/div>\n<div><\/div>\n<div><span style=\"color: #000000;font-size: small\">I ja, per acabar, ens queda la baixada, passant pel Serrat i l\u2019Ermita de Sant Roc fins a Sant Pere de Torell\u00f3 i, a continuaci\u00f3, cap a Sant Vicen\u00e7 de Torell\u00f3.<\/span><\/div>\n<div><\/div>\n<div><\/div>\n<div><\/div>\n<div><\/div>\n<div><\/div>\n<div><\/div>\n<div><\/div>\n<div><\/div>\n<div>\n<hr \/>\n<\/div>\n<div><\/div>\n<p align=\"center\"><b><i><span style=\"color: #000000\">Sortida tranquil\u00b7la<\/span><\/i><\/b><\/p>\n<p align=\"center\"><b><span style=\"color: #000000\">Dimecres, 18 de desembre de 2013<\/span><\/b><\/p>\n<p><span style=\"color: #000000\"><b>Hora i lloc de trobada:<\/b> A les 9:30 a la Pla\u00e7a Can Quit\u00e8ria, en cotxes propis.<\/span><\/p>\n<p><span style=\"color: #000000\"><b>Durada<\/b>: Matinal curta<\/span><\/p>\n<p><span style=\"color: #000000\"><b>Dist\u00e0ncia: <\/b>4 Km<a href=\"http:\/\/blocs.xarxanet.org\/aealtipla\/files\/2014\/02\/puig-gemma-montse.jpg\"><img loading=\"lazy\" decoding=\"async\" class=\"wp-image-1027 size-thumbnail alignright\" src=\"http:\/\/blocs.xarxanet.org\/aealtipla\/files\/2014\/02\/puig-gemma-montse-150x150.jpg\" alt=\"puig gemma montse\" width=\"150\" height=\"150\" \/><\/a><\/span><\/p>\n<p><span style=\"color: #000000\"><b>Desnivell: <\/b>130m<b><span style=\"font-family: Arial;font-size: medium\">\u00a0\u00a0\u00a0\u00a0\u00a0\u00a0\u00a0\u00a0\u00a0\u00a0\u00a0\u00a0\u00a0\u00a0\u00a0\u00a0\u00a0\u00a0\u00a0\u00a0\u00a0\u00a0\u00a0\u00a0\u00a0\u00a0\u00a0\u00a0 <\/span><\/b><\/span><\/p>\n<p><span style=\"color: #000000\"><b>Dificultat:<\/b> Molt baixa<\/span><\/p>\n<p><span style=\"color: #000000\"><b>Material:<\/b> Roba c\u00f3moda, cal\u00e7at amb sola adherent i ben ajustat al peu, aigua i alguns aliments per picar.<\/span><\/p>\n<p><span style=\"color: #000000\"><b>Descripci\u00f3:\u00a0<\/b><\/span><span style=\"color: #000000\">Comencem visitant l&#8217;esgl\u00e9sia del conjunt monumental de Santa Creu d&#8217;Olorda.\u00a0<\/span><span style=\"color: #000000\">El Puig d\u2019Olorda (434m) \u00e9s un dels cims m\u00e9s alts de la Serra de Collserola. Hi pugem des de\u00a0Santa Creu per un corriol entre el bosc, ombr\u00edvol. Despr\u00e9s de gaudir de les vistes, reculem una mica i, amb una curta enfilada, assolim la carena del Tur\u00f3 de Can Ribes (406m). Des d\u2019all\u00e0 resseguim, en suau baixada, les pistes de l\u2019antiga pedrera, assoleiades, riques en vegetaci\u00f3 i amb bones vistes. En una pronunciada corba trenquem a la dreta per un curt corriol que ens du a la pista principal que comunica Santa Creu amb Molins de Rei, per la qual tornem al punt de partida.<\/span><\/p>\n<p><span style=\"color: #000000\">En acabar l\u2019excursi\u00f3\u00a0vam a dinar al Restaurante Rancho el Paso.\u00a0<\/span><\/p>\n<p><span style=\"color: #000000\">Fotografies de Rafael Mart\u00edn Janer<\/span><\/p>\n<p><a href=\"http:\/\/blocs.xarxanet.org\/aealtipla\/files\/2014\/02\/DSCN7113.jpg\"><img loading=\"lazy\" decoding=\"async\" class=\"wp-image-1025 size-medium alignright\" src=\"http:\/\/blocs.xarxanet.org\/aealtipla\/files\/2014\/02\/DSCN7113-300x225.jpg\" alt=\"DSCN7113\" width=\"300\" height=\"225\" srcset=\"https:\/\/blocs.xarxanet.org\/aealtipla\/files\/2014\/02\/DSCN7113-300x225.jpg 300w, https:\/\/blocs.xarxanet.org\/aealtipla\/files\/2014\/02\/DSCN7113-1024x768.jpg 1024w\" sizes=\"auto, (max-width: 300px) 85vw, 300px\" \/><\/a><\/p>\n<p>&nbsp;<\/p>\n<p><span style=\"color: #000000\"><a href=\"http:\/\/blocs.xarxanet.org\/aealtipla\/files\/2014\/02\/DSCN7099.jpg\"><img loading=\"lazy\" decoding=\"async\" class=\"alignright size-thumbnail wp-image-1030\" src=\"http:\/\/blocs.xarxanet.org\/aealtipla\/files\/2014\/02\/DSCN7099-150x150.jpg\" alt=\"DSCN7099\" width=\"150\" height=\"150\" \/><\/a><a href=\"http:\/\/blocs.xarxanet.org\/aealtipla\/files\/2014\/02\/DSCN7063.jpg\"><img loading=\"lazy\" decoding=\"async\" class=\"alignleft size-thumbnail wp-image-1028\" src=\"http:\/\/blocs.xarxanet.org\/aealtipla\/files\/2014\/02\/DSCN7063-150x150.jpg\" alt=\"DSCN7063\" width=\"150\" height=\"150\" \/><\/a><\/span><\/p>\n<p>&nbsp;<\/p>\n<p><a href=\"http:\/\/blocs.xarxanet.org\/aealtipla\/files\/2014\/02\/DSCN7078.jpg\"><img loading=\"lazy\" decoding=\"async\" class=\"size-thumbnail wp-image-1032 alignleft\" src=\"http:\/\/blocs.xarxanet.org\/aealtipla\/files\/2014\/02\/DSCN7078-150x150.jpg\" alt=\"DSCN7078\" width=\"150\" height=\"150\" \/><\/a><\/p>\n<p><img loading=\"lazy\" decoding=\"async\" class=\"alignleft size-thumbnail wp-image-1029\" src=\"http:\/\/blocs.xarxanet.org\/aealtipla\/files\/2014\/02\/DSCN7070-150x150.jpg\" alt=\"DSCN7070\" width=\"150\" height=\"150\" \/><\/p>\n<p><span style=\"color: #000000\"><a href=\"http:\/\/blocs.xarxanet.org\/aealtipla\/files\/2014\/02\/campanar.jpg\"><img loading=\"lazy\" decoding=\"async\" class=\"alignright size-medium wp-image-1031\" src=\"http:\/\/blocs.xarxanet.org\/aealtipla\/files\/2014\/02\/campanar-300x225.jpg\" alt=\"campanar\" width=\"300\" height=\"225\" srcset=\"https:\/\/blocs.xarxanet.org\/aealtipla\/files\/2014\/02\/campanar-300x225.jpg 300w, https:\/\/blocs.xarxanet.org\/aealtipla\/files\/2014\/02\/campanar-1024x768.jpg 1024w\" sizes=\"auto, (max-width: 300px) 85vw, 300px\" \/><\/a>\u00a0<\/span><\/p>\n","protected":false},"excerpt":{"rendered":"<p>\u00a0 MATINAL PARC NATURAL DE ST. LLOREN\u00c7 I L&#8217;OBAC.\u00a0ZONA SERRA DE L&#8217;OBAC. Dia: 8 de desembre de 2013. Hora de trobada: 9 del mat\u00ed a can Quit\u00e8ria amb vehicles propis. Dificultat: baixa, excepte dos ressalts de grimpada. Desnivell: 200 m. Duraci\u00f3: 3 hores reals. Pocs inscrits per\u00f2 for\u00e7a presentats finalment, en la col\u00b7locaci\u00f3 del pessebre &hellip; <a href=\"https:\/\/blocs.xarxanet.org\/aealtipla\/excursions\/2013-2\/hivern-2013\/\" class=\"more-link\">Continua llegint <span class=\"screen-reader-text\">\u00abHivern 2013\u00bb<\/span><\/a><\/p>\n","protected":false},"author":129,"featured_media":0,"parent":3793,"menu_order":1,"comment_status":"closed","ping_status":"closed","template":"","meta":{"_s2mail":"yes","footnotes":""},"class_list":["post-3947","page","type-page","status-publish","hentry"],"_links":{"self":[{"href":"https:\/\/blocs.xarxanet.org\/aealtipla\/wp-json\/wp\/v2\/pages\/3947","targetHints":{"allow":["GET"]}}],"collection":[{"href":"https:\/\/blocs.xarxanet.org\/aealtipla\/wp-json\/wp\/v2\/pages"}],"about":[{"href":"https:\/\/blocs.xarxanet.org\/aealtipla\/wp-json\/wp\/v2\/types\/page"}],"author":[{"embeddable":true,"href":"https:\/\/blocs.xarxanet.org\/aealtipla\/wp-json\/wp\/v2\/users\/129"}],"replies":[{"embeddable":true,"href":"https:\/\/blocs.xarxanet.org\/aealtipla\/wp-json\/wp\/v2\/comments?post=3947"}],"version-history":[{"count":3,"href":"https:\/\/blocs.xarxanet.org\/aealtipla\/wp-json\/wp\/v2\/pages\/3947\/revisions"}],"predecessor-version":[{"id":3998,"href":"https:\/\/blocs.xarxanet.org\/aealtipla\/wp-json\/wp\/v2\/pages\/3947\/revisions\/3998"}],"up":[{"embeddable":true,"href":"https:\/\/blocs.xarxanet.org\/aealtipla\/wp-json\/wp\/v2\/pages\/3793"}],"wp:attachment":[{"href":"https:\/\/blocs.xarxanet.org\/aealtipla\/wp-json\/wp\/v2\/media?parent=3947"}],"curies":[{"name":"wp","href":"https:\/\/api.w.org\/{rel}","templated":true}]}}