{"id":1666,"date":"2014-04-30T23:16:33","date_gmt":"2014-04-30T21:16:33","guid":{"rendered":"http:\/\/blocs.xarxanet.org\/aealtipla\/?page_id=1666"},"modified":"2021-03-09T18:05:17","modified_gmt":"2021-03-09T17:05:17","slug":"5-geologia-del-garraf","status":"publish","type":"page","link":"https:\/\/blocs.xarxanet.org\/aealtipla\/excursions\/2014-3\/5-geologia-del-garraf\/","title":{"rendered":"Geologia del Garraf"},"content":{"rendered":"<p>&nbsp;<\/p>\n<h1><strong>Introducci\u00f3 a la geologia del mass\u00eds del Garraf: Dels mars del Cretaci a la Mediterr\u00e0nia actual.<\/strong><\/h1>\n<p style=\"text-align: left\" align=\"center\"><a href=\"http:\/\/blocs.xarxanet.org\/aealtipla\/files\/2014\/04\/14-05-Garraf.jpg\"><img loading=\"lazy\" decoding=\"async\" class=\"alignright size-full wp-image-1670\" src=\"http:\/\/blocs.xarxanet.org\/aealtipla\/files\/2014\/04\/14-05-Garraf.jpg\" alt=\"14 05 Garraf\" width=\"573\" height=\"282\" srcset=\"https:\/\/blocs.xarxanet.org\/aealtipla\/files\/2014\/04\/14-05-Garraf.jpg 573w, https:\/\/blocs.xarxanet.org\/aealtipla\/files\/2014\/04\/14-05-Garraf-300x147.jpg 300w\" sizes=\"auto, (max-width: 573px) 85vw, 573px\" \/><\/a><\/p>\n<p style=\"text-align: left\" align=\"center\"><span style=\"color: #000000\">Dissabte 17 de maig de 2014, a les 18:30,<\/span><span style=\"color: #000000;font-family: Arial Black;font-size: medium\">\u00a0\u00a0 <\/span><span style=\"color: #000000\">xerrada introduct\u00f2ria a la Casa de Cultura de Sant Cugat del Vall\u00e8s<\/span><\/p>\n<p style=\"text-align: left\" align=\"center\"><span style=\"color: #000000\">Diumenge 18, sortida al Mass\u00eds del Garraf<\/span><\/p>\n<p align=\"right\"><b><span style=\"color: #000000;font-family: Calibri\">A c\u00e0rrec de: Pablo Rodr\u00edguez i Laura Burrel<\/span><\/b><\/p>\n<p align=\"center\"><span style=\"color: #000000;font-family: Calibri\">Per a tothom a qui li interessi comen\u00e7ar a con\u00e8ixer la geologia de Catalunya, fent \u00e8mfasi en l\u2019origen i formaci\u00f3 del Mass\u00eds del Garraf.<\/span><\/p>\n<p align=\"right\"><span style=\"color: #000000;font-family: Calibri\">Activitat gratu\u00efta i oberta a tothom<\/span><\/p>\n<p><span style=\"color: #000000;font-family: Arial\">\u00a0<\/span><span style=\"font-family: Arial\"><span style=\"color: #000000\">Al llarg de l\u2019explicaci\u00f3 es tractaran els aspectes b\u00e0sics de la geologia del Mass\u00eds del <\/span><span style=\"color: #000000\"> Garraf (tipus de roques, ambient de formaci\u00f3, evoluci\u00f3 paleogeogr\u00e0fica, relleu actual, etc.), aix\u00ed com la relaci\u00f3 d\u2019aquests aspectes dins la geologia de Catalunya a gran escala. <\/span><\/span><\/p>\n<p><span style=\"color: #000000;font-family: Calibri\">Es realitzar\u00e0 un itinerari assequible a tothom amb diverses parades on mitjan\u00e7ant l\u2019observaci\u00f3 directa dels afloraments i el paisatge \u00e9s mostraran els materials t\u00edpics del Mesozoic de Catalunya, fent especial \u00e8mfasi en les Cadenes Costanero Catalanes (Serralada Litoral i Prelitoral)<\/span><\/p>\n<h2><span style=\"text-decoration: underline\"><strong><span style=\"color: #000000;font-family: Arial\">Continguts<\/span><\/strong><\/span><\/h2>\n<p><span style=\"color: #000000;font-family: Calibri\">Situaci\u00f3 del mass\u00eds del Garraf dins les unitats geol\u00f2giques de Catalunya. <\/span><\/p>\n<p><span style=\"color: #000000;font-family: Calibri\">Tipus de roques: Les roques carbon\u00e0tiques del Garraf. Tipologia i mecanismes de formaci\u00f3.<\/span><\/p>\n<p><span style=\"color: #000000;font-family: Calibri\">Evoluci\u00f3 paleogeogr\u00e0fica: De les conques mesozoiques al relleu actual. <\/span><\/p>\n<p><span style=\"color: #000000;font-family: Calibri\">Configuraci\u00f3 i implicacions del relleu actual: Geomorfologia i els aq\u00fc\u00edfers. <\/span><\/p>\n<p><span style=\"color: #000000;font-family: Calibri;font-size: medium\">\u00a0<\/span><span style=\"color: #000000;font-family: Calibri;font-size: medium\">Cal inscripci\u00f3 pr\u00e8via a l\u2019itinerari geol\u00f2gic, enviant un correo a <\/span><a href=\"mailto:altipla@caminar.info\"><span style=\"color: #0000ff;font-family: Calibri;font-size: medium\">altipla@caminar.info<\/span><\/a><span style=\"color: #000000;font-family: Calibri;font-size: medium\"> comunicant nom, dos cognoms i NIF. Places limitades<\/span><\/p>\n","protected":false},"excerpt":{"rendered":"<p>&nbsp; Introducci\u00f3 a la geologia del mass\u00eds del Garraf: Dels mars del Cretaci a la Mediterr\u00e0nia actual. Dissabte 17 de maig de 2014, a les 18:30,\u00a0\u00a0 xerrada introduct\u00f2ria a la Casa de Cultura de Sant Cugat del Vall\u00e8s Diumenge 18, sortida al Mass\u00eds del Garraf A c\u00e0rrec de: Pablo Rodr\u00edguez i Laura Burrel Per a &hellip; <a href=\"https:\/\/blocs.xarxanet.org\/aealtipla\/excursions\/2014-3\/5-geologia-del-garraf\/\" class=\"more-link\">Continua llegint <span class=\"screen-reader-text\">\u00abGeologia del Garraf\u00bb<\/span><\/a><\/p>\n","protected":false},"author":129,"featured_media":0,"parent":3805,"menu_order":12,"comment_status":"open","ping_status":"closed","template":"","meta":{"_s2mail":"yes","footnotes":""},"class_list":["post-1666","page","type-page","status-publish","hentry"],"_links":{"self":[{"href":"https:\/\/blocs.xarxanet.org\/aealtipla\/wp-json\/wp\/v2\/pages\/1666","targetHints":{"allow":["GET"]}}],"collection":[{"href":"https:\/\/blocs.xarxanet.org\/aealtipla\/wp-json\/wp\/v2\/pages"}],"about":[{"href":"https:\/\/blocs.xarxanet.org\/aealtipla\/wp-json\/wp\/v2\/types\/page"}],"author":[{"embeddable":true,"href":"https:\/\/blocs.xarxanet.org\/aealtipla\/wp-json\/wp\/v2\/users\/129"}],"replies":[{"embeddable":true,"href":"https:\/\/blocs.xarxanet.org\/aealtipla\/wp-json\/wp\/v2\/comments?post=1666"}],"version-history":[{"count":8,"href":"https:\/\/blocs.xarxanet.org\/aealtipla\/wp-json\/wp\/v2\/pages\/1666\/revisions"}],"predecessor-version":[{"id":2891,"href":"https:\/\/blocs.xarxanet.org\/aealtipla\/wp-json\/wp\/v2\/pages\/1666\/revisions\/2891"}],"up":[{"embeddable":true,"href":"https:\/\/blocs.xarxanet.org\/aealtipla\/wp-json\/wp\/v2\/pages\/3805"}],"wp:attachment":[{"href":"https:\/\/blocs.xarxanet.org\/aealtipla\/wp-json\/wp\/v2\/media?parent=1666"}],"curies":[{"name":"wp","href":"https:\/\/api.w.org\/{rel}","templated":true}]}}